{"id":4067,"date":"2019-05-27T01:50:46","date_gmt":"2019-05-27T07:50:46","guid":{"rendered":"https:\/\/costaricatoptours.com\/?page_id=4067"},"modified":"2019-08-14T04:51:21","modified_gmt":"2019-08-14T10:51:21","slug":"uci-gran-fondo-costa-rica-2019","status":"publish","type":"page","link":"https:\/\/costaricatoptours.com\/uci-gran-fondo-costa-rica-2019\/","title":{"rendered":"UCI Gran Fondo Costa Rica 2019"},"content":{"rendered":"<div class=\"wpb-content-wrapper\"><p>[vc_row css=&#8221;.vc_custom_1558352611203{background-image: url(https:\/\/costaricatoptours.com\/wp-content\/uploads\/2019\/05\/back-test-4.jpg?id=3999) !important;}&#8221;][vc_column width=&#8221;1\/6&#8243;][vc_empty_space][\/vc_column][vc_column width=&#8221;2\/3&#8243;][vc_empty_space height=&#8221;10px&#8221;][vc_single_image image=&#8221;10207&#8243; img_size=&#8221;600&#215;255&#8243; alignment=&#8221;center&#8221;][vc_empty_space height=&#8221;10px&#8221;][vc_row_inner][vc_column_inner width=&#8221;1\/6&#8243;][vc_btn title=&#8221;Hoteles&#8221; color=&#8221;primary&#8221; size=&#8221;sm&#8221; align=&#8221;center&#8221; button_block=&#8221;true&#8221; link=&#8221;url:%23accommodations|||&#8221;][\/vc_column_inner][vc_column_inner width=&#8221;1\/6&#8243;][vc_btn title=&#8221;Pre &amp; Post Tours&#8221; color=&#8221;primary&#8221; size=&#8221;sm&#8221; align=&#8221;center&#8221; button_block=&#8221;true&#8221; link=&#8221;url:%23tours|||&#8221;][\/vc_column_inner][vc_column_inner width=&#8221;1\/6&#8243;][vc_btn title=&#8221;Renta de Auto&#8221; color=&#8221;primary&#8221; size=&#8221;sm&#8221; align=&#8221;center&#8221; button_block=&#8221;true&#8221; link=&#8221;url:%23rent|||&#8221;][\/vc_column_inner][vc_column_inner width=&#8221;1\/6&#8243;][vc_btn title=&#8221;Costa Rica&#8221; color=&#8221;primary&#8221; size=&#8221;sm&#8221; align=&#8221;center&#8221; button_block=&#8221;true&#8221; link=&#8221;url:%23aboutcr|||&#8221;][\/vc_column_inner][vc_column_inner width=&#8221;1\/6&#8243;][vc_btn title=&#8221;Cont\u00e1ctenos&#8221; color=&#8221;primary&#8221; size=&#8221;sm&#8221; align=&#8221;center&#8221; button_block=&#8221;true&#8221; link=&#8221;url:%23contact|||&#8221;][\/vc_column_inner][vc_column_inner width=&#8221;1\/6&#8243;][vc_btn title=&#8221;English&#8221; color=&#8221;primary&#8221; size=&#8221;sm&#8221; align=&#8221;center&#8221; i_icon_fontawesome=&#8221;fa fa-globe&#8221; button_block=&#8221;true&#8221; add_icon=&#8221;true&#8221; link=&#8221;url:https%3A%2F%2Fcostaricatoptours.com%2Fuci-gran-fondo%2F|||&#8221;][\/vc_column_inner][\/vc_row_inner][vc_empty_space height=&#8221;10px&#8221;][vc_custom_heading text=&#8221;Hoteles&#8221; font_container=&#8221;tag:h1|text_align:left&#8221; use_theme_fonts=&#8221;yes&#8221; css=&#8221;.vc_custom_1558947032088{margin-right: 10px !important;margin-left: 10px !important;}&#8221; el_id=&#8221;accommodations&#8221;][vc_column_text css=&#8221;.vc_custom_1563391898995{margin-right: 10px !important;margin-left: 10px !important;}&#8221;]Hemos organizado dos paquetes con un descuento especial en los Hoteles para el evento CRD506 Costa a Costa.<\/p>\n<p>Por favor, siga el enlace del hotel para m\u00e1s informaci\u00f3n sobre el paquete b\u00e1sico y completo.\u00a0 Si tiene alguna consulta por favor <a href=\"#contact\">cont\u00e1ctenos<\/a>.[\/vc_column_text][vc_row_inner][vc_column_inner width=&#8221;1\/6&#8243;][vc_empty_space height=&#8221;10px&#8221;][\/vc_column_inner][vc_column_inner width=&#8221;2\/3&#8243;]<div class=\"woocommerce columns-3 \">\r\n<ul class=\"products image-box \"><li class=\"tm-has-options product type-product post-3818 status-publish first instock product_cat-uci-2019-en product_tag-uci-hotel-es-en has-post-thumbnail virtual sold-individually taxable purchasable product-type-simple\">\r\n    <article class=\"box\">\r\n        <figure><a href=\"https:\/\/costaricatoptours.com\/product\/best-western-irazu\/\" class=\"woocommerce-LoopProduct-link hover-effect\"><img loading=\"lazy\" decoding=\"async\" width=\"300\" height=\"300\" src=\"https:\/\/costaricatoptours.com\/wp-content\/uploads\/2019\/05\/bw-irazu-pool-300x300.jpg\" class=\"attachment-woocommerce_thumbnail size-woocommerce_thumbnail\" alt=\"Best Western Irazu\" srcset=\"https:\/\/costaricatoptours.com\/wp-content\/uploads\/2019\/05\/bw-irazu-pool-300x300.jpg 300w, https:\/\/costaricatoptours.com\/wp-content\/uploads\/2019\/05\/bw-irazu-pool-150x150.jpg 150w, https:\/\/costaricatoptours.com\/wp-content\/uploads\/2019\/05\/bw-irazu-pool-64x64.jpg 64w, https:\/\/costaricatoptours.com\/wp-content\/uploads\/2019\/05\/bw-irazu-pool-100x100.jpg 100w\" sizes=\"auto, (max-width: 300px) 100vw, 300px\" \/><\/a><\/figure><div class=\"details\"><h4 class=\"box-title\"><a href=\"https:\/\/costaricatoptours.com\/product\/best-western-irazu\/\" title=\"Best Western Irazu\">Best Western Irazu<\/a><\/h4><div class=\"description\"><p><a href=\"https:\/\/costaricatoptours.com\/uci-gran-fondo\/\">&lt;&lt;Back<\/a><\/p>\n<p>The hotel is located only 10 minutes from the International Airport and 10 minutes from Downtown San Jose. It has a perfect and strategic location, surrounded by a residential area with a Shopping Center located next door to the hotel, where the guess can find shops, banks, grocery stores, pharmacy and much more.<\/p>\n<\/div>\r\n    <span class=\"price\"><span class=\"woocommerce-Price-amount amount\"><bdi><span class=\"woocommerce-Price-currencySymbol\">&#36;<\/span>0.00<\/bdi><\/span> <small class=\"woocommerce-price-suffix\">13% IVA<\/small> <small><\/small><\/span>\r\n    <hr \/>\r\n<a href=\"?add-to-cart=3818\" data-quantity=\"1\" class=\"button product_type_simple add_to_cart_button ajax_add_to_cart\" data-product_id=\"3818\" data-product_sku=\"BW-IRAZU-EN\" aria-label=\"Add to cart: &ldquo;Best Western Irazu&rdquo;\" rel=\"nofollow\" data-success_message=\"&ldquo;Best Western Irazu&rdquo; has been added to your cart\">Add to cart<\/a><\/div>    <\/article>\r\n<\/li>\r\n<li class=\"product type-product post-4082 status-publish instock product_cat-uci-2019-es product_tag-uci-hotel-es has-post-thumbnail virtual sold-individually taxable purchasable product-type-simple\">\r\n    <article class=\"box\">\r\n        <figure><a href=\"https:\/\/costaricatoptours.com\/product\/best-western-irazu-es\/\" class=\"woocommerce-LoopProduct-link hover-effect\"><img loading=\"lazy\" decoding=\"async\" width=\"300\" height=\"300\" src=\"https:\/\/costaricatoptours.com\/wp-content\/uploads\/2019\/05\/bw-irazu-pool-300x300.jpg\" class=\"attachment-woocommerce_thumbnail size-woocommerce_thumbnail\" alt=\"Best Western Irazu\" srcset=\"https:\/\/costaricatoptours.com\/wp-content\/uploads\/2019\/05\/bw-irazu-pool-300x300.jpg 300w, https:\/\/costaricatoptours.com\/wp-content\/uploads\/2019\/05\/bw-irazu-pool-150x150.jpg 150w, https:\/\/costaricatoptours.com\/wp-content\/uploads\/2019\/05\/bw-irazu-pool-64x64.jpg 64w, https:\/\/costaricatoptours.com\/wp-content\/uploads\/2019\/05\/bw-irazu-pool-100x100.jpg 100w\" sizes=\"auto, (max-width: 300px) 100vw, 300px\" \/><\/a><\/figure><div class=\"details\"><h4 class=\"box-title\"><a href=\"https:\/\/costaricatoptours.com\/product\/best-western-irazu-es\/\" title=\"Best Western Irazu\">Best Western Irazu<\/a><\/h4><div class=\"description\"><p><a href=\"https:\/\/costaricatoptours.com\/es\/uci-gran-fondo-costa-rica-2019\/\">&lt;&lt;Volver<\/a><\/p>\n<p>El Hotel se encuentra ubicado a 10 minutos del Aeropuerto Internacional al igual que del centro de San Jos\u00e9. Cuenta con una perfecta ubicaci\u00f3n, rodeado por un \u00e1rea residencial agradable y contiguo a un Centro Comercial en el cual nuestros hu\u00e9spedes pueden encontrar restaurantes, supermercados, sala de belleza, entre otros servicios.<\/p>\n<\/div>\r\n    <span class=\"price\"><span class=\"woocommerce-Price-amount amount\"><bdi><span class=\"woocommerce-Price-currencySymbol\">&#36;<\/span>0.00<\/bdi><\/span> <small class=\"woocommerce-price-suffix\">13% IVA<\/small> <small><\/small><\/span>\r\n    <hr \/>\r\n<a href=\"?add-to-cart=4082\" data-quantity=\"1\" class=\"button product_type_simple add_to_cart_button ajax_add_to_cart\" data-product_id=\"4082\" data-product_sku=\"BW-IRAZU\" aria-label=\"Add to cart: &ldquo;Best Western Irazu&rdquo;\" rel=\"nofollow\" data-success_message=\"&ldquo;Best Western Irazu&rdquo; has been added to your cart\">Add to cart<\/a><\/div>    <\/article>\r\n<\/li>\r\n<li class=\"product type-product post-10660 status-publish last instock product_cat-uci-2019-en product_tag-uci-hotel-es-en has-post-thumbnail virtual sold-individually taxable purchasable product-type-simple\">\r\n    <article class=\"box\">\r\n        <figure><a href=\"https:\/\/costaricatoptours.com\/product\/best-western-irazu-plus\/\" class=\"woocommerce-LoopProduct-link hover-effect\"><img loading=\"lazy\" decoding=\"async\" width=\"300\" height=\"300\" src=\"https:\/\/costaricatoptours.com\/wp-content\/uploads\/2019\/07\/piscina-300x300.jpg\" class=\"attachment-woocommerce_thumbnail size-woocommerce_thumbnail\" alt=\"Best Western Irazu Plus\" srcset=\"https:\/\/costaricatoptours.com\/wp-content\/uploads\/2019\/07\/piscina-300x300.jpg 300w, https:\/\/costaricatoptours.com\/wp-content\/uploads\/2019\/07\/piscina-150x150.jpg 150w, https:\/\/costaricatoptours.com\/wp-content\/uploads\/2019\/07\/piscina-64x64.jpg 64w, https:\/\/costaricatoptours.com\/wp-content\/uploads\/2019\/07\/piscina-100x100.jpg 100w\" sizes=\"auto, (max-width: 300px) 100vw, 300px\" \/><\/a><\/figure><div class=\"details\"><h4 class=\"box-title\"><a href=\"https:\/\/costaricatoptours.com\/product\/best-western-irazu-plus\/\" title=\"Best Western Irazu Plus\">Best Western Irazu Plus<\/a><\/h4><div class=\"description\"><p><a href=\"https:\/\/costaricatoptours.com\/uci-gran-fondo\/\">&lt;&lt;Back<\/a><\/p>\n<p>The hotel is located only 10 minutes from the International Airport and 10 minutes from Downtown San Jose. It has a perfect and strategic location, surrounded by a residential area with a Shopping Center located next door to the hotel, where the guess can find shops, banks, grocery stores, pharmacy and much more.<\/p>\n<\/div>\r\n    <span class=\"price\"><span class=\"woocommerce-Price-amount amount\"><bdi><span class=\"woocommerce-Price-currencySymbol\">&#36;<\/span>0.00<\/bdi><\/span> <small class=\"woocommerce-price-suffix\">13% IVA<\/small> <small><\/small><\/span>\r\n    <hr \/>\r\n<a href=\"?add-to-cart=10660\" data-quantity=\"1\" class=\"button product_type_simple add_to_cart_button ajax_add_to_cart\" data-product_id=\"10660\" data-product_sku=\"BW-IRAZU-EN-1\" aria-label=\"Add to cart: &ldquo;Best Western Irazu Plus&rdquo;\" rel=\"nofollow\" data-success_message=\"&ldquo;Best Western Irazu Plus&rdquo; has been added to your cart\">Add to cart<\/a><\/div>    <\/article>\r\n<\/li>\r\n<\/ul>\n<\/div>[\/vc_column_inner][vc_column_inner width=&#8221;1\/6&#8243;][vc_empty_space height=&#8221;10px&#8221;][\/vc_column_inner][\/vc_row_inner][vc_custom_heading text=&#8221;Excursiones&#8221; font_container=&#8221;tag:h1|text_align:left&#8221; use_theme_fonts=&#8221;yes&#8221; css=&#8221;.vc_custom_1558947129189{margin-right: 10px !important;margin-left: 10px !important;}&#8221; el_id=&#8221;tours&#8221;][vc_column_text css=&#8221;.vc_custom_1558947116678{margin-right: 10px !important;margin-left: 10px !important;}&#8221;]Combine su visita con una aventura, una hermosa vista del Volc\u00e1n Arenal o una gran experiencia en la selva tropical de Tortuguero. \u00a1Disfruta de los mejores tours que este para\u00edso tiene para ofrecer![\/vc_column_text][vc_empty_space]<div class=\"woocommerce columns-4 \">\r\n<ul class=\"products image-box \"><li class=\"product type-product post-4089 status-publish first instock product_cat-uci-2019-od-tours-es product_cat-uncategorized-es product_tag-uci-tour-es has-post-thumbnail virtual sold-individually taxable purchasable product-type-simple\">\r\n    <article class=\"box\">\r\n        <figure><a href=\"https:\/\/costaricatoptours.com\/product\/aguas-bravas-rio-pacuare\/\" class=\"woocommerce-LoopProduct-link hover-effect\"><img loading=\"lazy\" decoding=\"async\" width=\"300\" height=\"300\" src=\"https:\/\/costaricatoptours.com\/wp-content\/uploads\/2019\/05\/12-Rios-Tropicales-Pacuare-Rafting-copy-300x300.jpg\" class=\"attachment-woocommerce_thumbnail size-woocommerce_thumbnail\" alt=\"Aguas Bravas Rio Pacuare\" srcset=\"https:\/\/costaricatoptours.com\/wp-content\/uploads\/2019\/05\/12-Rios-Tropicales-Pacuare-Rafting-copy-300x300.jpg 300w, https:\/\/costaricatoptours.com\/wp-content\/uploads\/2019\/05\/12-Rios-Tropicales-Pacuare-Rafting-copy-150x150.jpg 150w, https:\/\/costaricatoptours.com\/wp-content\/uploads\/2019\/05\/12-Rios-Tropicales-Pacuare-Rafting-copy-64x64.jpg 64w, https:\/\/costaricatoptours.com\/wp-content\/uploads\/2019\/05\/12-Rios-Tropicales-Pacuare-Rafting-copy-100x100.jpg 100w\" sizes=\"auto, (max-width: 300px) 100vw, 300px\" \/><\/a><\/figure><div class=\"details\"><h4 class=\"box-title\"><a href=\"https:\/\/costaricatoptours.com\/product\/aguas-bravas-rio-pacuare\/\" title=\"Aguas Bravas Rio Pacuare\">Aguas Bravas Rio Pacuare<\/a><\/h4><div class=\"description\"><p><a href=\"https:\/\/costaricatoptours.com\/es\/uci-gran-fondo-costa-rica-2019\/\">&lt;&lt;Volver<\/a><\/p>\n<p>Este r\u00edo tropical es pura magia, inexplicable belleza y r\u00e1pidos que le har\u00e1n sentir pura adrenalina. Localizados en la zona Atl\u00e1ntica de Costa Rica el R\u00edo Pacuare bordea la Cordillera de Talamanca, hogar de los ind\u00edgenas Cabecar y gran variedad de vida silvestre.\u00a0 Saliendo temprano de San Jos\u00e9 se llegar\u00e1 al Centro de Operaciones donde disfrutar\u00e1n de un delicioso desayuno t\u00edpico costarricense. En el punto de salida privado se iniciar\u00e1 la aventura a trav\u00e9s de cataratas impresionantes, piscinas serenas y r\u00e1pidos en el bosque primario de Costa Rica.<\/p>\n<p>Despu\u00e9s de un paquete de emociones corriendo r\u00e1pidos como Cimarr\u00f3n, Dos Monta\u00f1as y muchos m\u00e1s podr\u00e1n relajarse en el Centro de Operaciones y disfrutar de un delicioso almuerzo y bebidas opcionales o realizando algunas compras en la tienda de recuerdos. En el camino de regreso a San Jos\u00e9 quedar\u00e1 impresionado con la vista que le ofrece el Parque Nacional Braulio Carrillo y el Volc\u00e1n Iraz\u00fa. Clase III-IV. Servicio Regular Colectivo (m\u00ednimo 2 personas).<\/p>\n<\/div>\r\n    <span class=\"price\"><span class=\"woocommerce-Price-amount amount\"><bdi><span class=\"woocommerce-Price-currencySymbol\">&#36;<\/span>0.00<\/bdi><\/span> <small class=\"woocommerce-price-suffix\">13% IVA<\/small> <small><\/small><\/span>\r\n    <hr \/>\r\n<a href=\"?add-to-cart=4089\" data-quantity=\"1\" class=\"button product_type_simple add_to_cart_button ajax_add_to_cart\" data-product_id=\"4089\" data-product_sku=\"UCI-Pacuare-ES\" aria-label=\"Add to cart: &ldquo;Aguas Bravas Rio Pacuare&rdquo;\" rel=\"nofollow\" data-success_message=\"&ldquo;Aguas Bravas Rio Pacuare&rdquo; has been added to your cart\">Add to cart<\/a><\/div>    <\/article>\r\n<\/li>\r\n<li class=\"product type-product post-4091 status-publish instock product_cat-uci-2019-od-tours-es product_cat-uncategorized-es product_tag-uci-tour-es has-post-thumbnail virtual sold-individually taxable purchasable product-type-simple\">\r\n    <article class=\"box\">\r\n        <figure><a href=\"https:\/\/costaricatoptours.com\/product\/arenal-termales-tabacon\/\" class=\"woocommerce-LoopProduct-link hover-effect\"><img loading=\"lazy\" decoding=\"async\" width=\"300\" height=\"300\" src=\"https:\/\/costaricatoptours.com\/wp-content\/uploads\/2019\/05\/3-Termales-Tabacon-copy-300x300.jpg\" class=\"attachment-woocommerce_thumbnail size-woocommerce_thumbnail\" alt=\"Arenal &amp; Termales Tabac\u00f3n\" srcset=\"https:\/\/costaricatoptours.com\/wp-content\/uploads\/2019\/05\/3-Termales-Tabacon-copy-300x300.jpg 300w, https:\/\/costaricatoptours.com\/wp-content\/uploads\/2019\/05\/3-Termales-Tabacon-copy-150x150.jpg 150w, https:\/\/costaricatoptours.com\/wp-content\/uploads\/2019\/05\/3-Termales-Tabacon-copy-64x64.jpg 64w, https:\/\/costaricatoptours.com\/wp-content\/uploads\/2019\/05\/3-Termales-Tabacon-copy-100x100.jpg 100w\" sizes=\"auto, (max-width: 300px) 100vw, 300px\" \/><\/a><\/figure><div class=\"details\"><h4 class=\"box-title\"><a href=\"https:\/\/costaricatoptours.com\/product\/arenal-termales-tabacon\/\" title=\"Arenal &#038; Termales Tabac\u00f3n\">Arenal &#038; Termales Tabac\u00f3n<\/a><\/h4><div class=\"description\"><p><a href=\"https:\/\/costaricatoptours.com\/es\/uci-gran-fondo-costa-rica-2019\/\">&lt;&lt;Volver<\/a><\/p>\n<p>En ruta al Volc\u00e1n Arenal, haremos una parada en el famoso poblado de Sarch\u00ed, conocido como la cuna de los artesanos de Costa Rica. El viaje contin\u00faa, atravesando zonas de bosque, as\u00ed como tambi\u00e9n plantaciones de diversos productos agr\u00edcolas, incluyendo plantaciones de caf\u00e9, pi\u00f1a, adem\u00e1s de plantas ornamentales, fincas de ganado, y a su vez experimentando la variedad de microclimas presentes en el pa\u00eds, hasta llegar al hermoso pueblo de La Fortuna, para detenerse y disfrutar de un almuerzo en un restaurante local.\u00a0 Luego del almuerzo se realizar\u00e1 una visita a un mirador cercano al pie del volc\u00e1n para apreciar m\u00e1s de cerca la vista del volc\u00e1n y adem\u00e1s la vista del lago Arenal.<\/p>\n<p>Eventualmente disfrutaremos y se relajar\u00e1 en una de las mejores aguas termales del pa\u00eds, donde podr\u00e1 disfrutar de los efectos rejuvenecedores de las mismas, as\u00ed como un masaje (actividad opcional) u otros tratamientos especiales que deben ser reservados con anticipaci\u00f3n para asegurar disponibilidad. Y para un final perfecto, antes de regresar a San Jos\u00e9, disfrutaremos de una maravillosa y deliciosa cena estilo buffet en el Tabac\u00f3n Resort. Servicio Regular Colectivo (m\u00ednimo 2 personas).<\/p>\n<\/div>\r\n    <span class=\"price\"><span class=\"woocommerce-Price-amount amount\"><bdi><span class=\"woocommerce-Price-currencySymbol\">&#36;<\/span>0.00<\/bdi><\/span> <small class=\"woocommerce-price-suffix\">13% IVA<\/small> <small><\/small><\/span>\r\n    <hr \/>\r\n<a href=\"?add-to-cart=4091\" data-quantity=\"1\" class=\"button product_type_simple add_to_cart_button ajax_add_to_cart\" data-product_id=\"4091\" data-product_sku=\"UCI-Tabacon-ES\" aria-label=\"Add to cart: &ldquo;Arenal &amp; Termales Tabac\u00f3n&rdquo;\" rel=\"nofollow\" data-success_message=\"&ldquo;Arenal &amp; Termales Tabac\u00f3n&rdquo; has been added to your cart\">Add to cart<\/a><\/div>    <\/article>\r\n<\/li>\r\n<li class=\"product type-product post-4069 status-publish instock product_cat-uci-2019-od-tours-es product_cat-uncategorized-es product_tag-uci-tour-es has-post-thumbnail virtual sold-individually taxable purchasable product-type-simple\">\r\n    <article class=\"box\">\r\n        <figure><a href=\"https:\/\/costaricatoptours.com\/product\/arenal-termales-tabacon-2-noches-3-dias\/\" class=\"woocommerce-LoopProduct-link hover-effect\"><img loading=\"lazy\" decoding=\"async\" width=\"300\" height=\"300\" src=\"https:\/\/costaricatoptours.com\/wp-content\/uploads\/2019\/05\/Volca\u0301n-Arenal-3-copy-300x300.jpg\" class=\"attachment-woocommerce_thumbnail size-woocommerce_thumbnail\" alt=\"Arenal &amp; Termales Tabac\u00f3n  2 Noches \/ 3 D\u00edas\" srcset=\"https:\/\/costaricatoptours.com\/wp-content\/uploads\/2019\/05\/Volca\u0301n-Arenal-3-copy-300x300.jpg 300w, https:\/\/costaricatoptours.com\/wp-content\/uploads\/2019\/05\/Volca\u0301n-Arenal-3-copy-150x150.jpg 150w, https:\/\/costaricatoptours.com\/wp-content\/uploads\/2019\/05\/Volca\u0301n-Arenal-3-copy-64x64.jpg 64w, https:\/\/costaricatoptours.com\/wp-content\/uploads\/2019\/05\/Volca\u0301n-Arenal-3-copy-100x100.jpg 100w\" sizes=\"auto, (max-width: 300px) 100vw, 300px\" \/><\/a><\/figure><div class=\"details\"><h4 class=\"box-title\"><a href=\"https:\/\/costaricatoptours.com\/product\/arenal-termales-tabacon-2-noches-3-dias\/\" title=\"Arenal &#038; Termales Tabac\u00f3n  2 Noches \/ 3 D\u00edas\">Arenal &#038; Termales Tabac\u00f3n  2 Noches \/ 3 D\u00edas<\/a><\/h4><div class=\"description\"><p><a href=\"https:\/\/costaricatoptours.com\/es\/uci-gran-fondo-costa-rica-2019\/\">&lt;&lt;Volver<\/a><\/p>\n<p><strong><u>D\u00eda 1:<\/u><\/strong><\/p>\n<p>En la ma\u00f1ana, salida de San Jose hacia la regi\u00f3n del Arenal. Llegada al pueblo de La Fortuna. Almuerzo Incluido. Por la tarde, traslado a las Termas de Tabac\u00f3n. Contar\u00e1 con suficiente tiempo para disfrutar y relajarse en las calientes aguas termales aprovechando todos los beneficios terap\u00e9uticos que estas tienen.\u00a0 Por la noche, Cena en el restaurante de las Termas, y luego se realizar\u00e1 el traslado al Hotel. Alojamiento en Hotel 3*.<\/p>\n<p><strong><u>D\u00eda 2:<\/u><\/strong><\/p>\n<p>Desayuno en el Hotel. Excursi\u00f3n Sky Tram &amp; Trek: Sky Tram. El tour parte de la recepci\u00f3n del edificio principal y termina en una plataforma de observaci\u00f3n en el punto m\u00e1s alto de la Reserva Arenal, desde donde se observan el bosque, la laguna y el volc\u00e1n Arenal. El viaje de ida en Sky Tram dura 20 minutos sin paradas intermedias, puesto que este tipo de telef\u00e9ricos cargan y descargan personas solo en los extremos inicial y final de este. En la plataforma de observaci\u00f3n se tiene previstos gu\u00eda naturalista para la atenci\u00f3n del p\u00fablico en general. El descenso desde la plataforma puede hacerse tambi\u00e9n en Telef\u00e9rico o mediante el tour del Sky Trek, que parte de esta plataforma y llega nuevamente al edificio de la Recepci\u00f3n.<\/p>\n<p>Sky Trek es un sistema de Canopy o \u201cZip Lines\u201d, que pone a su disposici\u00f3n la posibilidad de observar el bosque y sus paisajes desde un \u00e1ngulo diferente, con seguridad total e innovaciones en sus servicios. El recorrido del tour incluye 2.8 Km cables transversales con tama\u00f1os que van desde los 30 hasta los 760 metros de largo, con alturas de 20 hasta los 200 metros de alto con cables que sobrepasan la copa de los \u00e1rboles brindando una vista panor\u00e1mica del volc\u00e1n y la laguna Arenal. Regreso al hotel. Tarde libre. Alojamiento en Hotel 3*.<\/p>\n<p><strong><u>D\u00eda 3:<\/u><\/strong><\/p>\n<p>Desayuno en el Hotel. En la ma\u00f1ana traslado de Arenal a San Jose.<\/p>\n<p>&nbsp;<\/p>\n<\/div>\r\n    <span class=\"price\"><span class=\"woocommerce-Price-amount amount\"><bdi><span class=\"woocommerce-Price-currencySymbol\">&#36;<\/span>0.00<\/bdi><\/span> <small class=\"woocommerce-price-suffix\">13% IVA<\/small> <small><\/small><\/span>\r\n    <hr \/>\r\n<a href=\"?add-to-cart=4069\" data-quantity=\"1\" class=\"button product_type_simple add_to_cart_button ajax_add_to_cart\" data-product_id=\"4069\" data-product_sku=\"UCI-Arenal-Multiday-ES\" aria-label=\"Add to cart: &ldquo;Arenal &amp; Termales Tabac\u00f3n  2 Noches \/ 3 D\u00edas&rdquo;\" rel=\"nofollow\" data-success_message=\"&ldquo;Arenal &amp; Termales Tabac\u00f3n  2 Noches \/ 3 D\u00edas&rdquo; has been added to your cart\">Add to cart<\/a><\/div>    <\/article>\r\n<\/li>\r\n<li class=\"product type-product post-4087 status-publish last instock product_cat-uci-2019-od-tours-es product_cat-uncategorized-es product_tag-uci-tour-es has-post-thumbnail virtual sold-individually taxable purchasable product-type-simple\">\r\n    <article class=\"box\">\r\n        <figure><a href=\"https:\/\/costaricatoptours.com\/product\/cafe-doka-volcan-poas-la-paz\/\" class=\"woocommerce-LoopProduct-link hover-effect\"><img loading=\"lazy\" decoding=\"async\" width=\"300\" height=\"300\" src=\"https:\/\/costaricatoptours.com\/wp-content\/uploads\/2019\/05\/12-Cataratas-de-la-Paz-300x300.jpg\" class=\"attachment-woocommerce_thumbnail size-woocommerce_thumbnail\" alt=\"Caf\u00e9 Doka, Volc\u00e1n Po\u00e1s &amp; La Paz\" srcset=\"https:\/\/costaricatoptours.com\/wp-content\/uploads\/2019\/05\/12-Cataratas-de-la-Paz-300x300.jpg 300w, https:\/\/costaricatoptours.com\/wp-content\/uploads\/2019\/05\/12-Cataratas-de-la-Paz-150x150.jpg 150w, https:\/\/costaricatoptours.com\/wp-content\/uploads\/2019\/05\/12-Cataratas-de-la-Paz-64x64.jpg 64w, https:\/\/costaricatoptours.com\/wp-content\/uploads\/2019\/05\/12-Cataratas-de-la-Paz-100x100.jpg 100w\" sizes=\"auto, (max-width: 300px) 100vw, 300px\" \/><\/a><\/figure><div class=\"details\"><h4 class=\"box-title\"><a href=\"https:\/\/costaricatoptours.com\/product\/cafe-doka-volcan-poas-la-paz\/\" title=\"Caf\u00e9 Doka, Volc\u00e1n Po\u00e1s &#038; La Paz\">Caf\u00e9 Doka, Volc\u00e1n Po\u00e1s &#038; La Paz<\/a><\/h4><div class=\"description\"><p><a href=\"https:\/\/costaricatoptours.com\/es\/uci-gran-fondo-costa-rica-2019\/\">&lt;&lt;Volver<\/a><\/p>\n<p>En el ascenso al Volc\u00e1n visitaremos la Hacienda de Caf\u00e9 Doka donde podr\u00e1 disfrutar de un tour de caf\u00e9, haremos una parada para brindar una breve explicaci\u00f3n sobre nuestro grano de oro, el caf\u00e9.<\/p>\n<p>Continuaremos el recorrido hacia el Parque Nacional del Volc\u00e1n Po\u00e1s, donde se tomar\u00e1 el tiempo necesario para observar el impresionante cr\u00e1ter principal y sus fumarolas de azufre y aprender\u00e1 sobre los diferentes ecosistemas existentes en este parque.<\/p>\n<p>Continuamos hacia Jardines de la Catarata La Paz, un parque natural, donde caminaremos por espectaculares senderos que nos conducir\u00e1n a la Catarata Magia Blanca. En el parque tambi\u00e9n visitaremos uno de los observatorios de mariposas m\u00e1s grande del pa\u00eds, el cual contiene una fascinante colecci\u00f3n de estas joyas tropicales y la impresionante galer\u00eda de colibr\u00edes. Finalizada la caminata tomaremos un almuerzo tipo buffet, para luego iniciar el regreso a San Jos\u00e9. \u00a0Servicio Regular Colectivo (m\u00ednimo 2 personas).<\/p>\n<\/div>\r\n    <span class=\"price\"><span class=\"woocommerce-Price-amount amount\"><bdi><span class=\"woocommerce-Price-currencySymbol\">&#36;<\/span>0.00<\/bdi><\/span> <small class=\"woocommerce-price-suffix\">13% IVA<\/small> <small><\/small><\/span>\r\n    <hr \/>\r\n<a href=\"?add-to-cart=4087\" data-quantity=\"1\" class=\"button product_type_simple add_to_cart_button ajax_add_to_cart\" data-product_id=\"4087\" data-product_sku=\"UCI-Doka-ES\" aria-label=\"Add to cart: &ldquo;Caf\u00e9 Doka, Volc\u00e1n Po\u00e1s &amp; La Paz&rdquo;\" rel=\"nofollow\" data-success_message=\"&ldquo;Caf\u00e9 Doka, Volc\u00e1n Po\u00e1s &amp; La Paz&rdquo; has been added to your cart\">Add to cart<\/a><\/div>    <\/article>\r\n<\/li>\r\n<li class=\"product type-product post-4088 status-publish first instock product_cat-uci-2019-od-tours-es product_cat-uncategorized-es product_tag-uci-tour-es has-post-thumbnail virtual sold-individually taxable purchasable product-type-simple\">\r\n    <article class=\"box\">\r\n        <figure><a href=\"https:\/\/costaricatoptours.com\/product\/hacienda-pozo-azul-sarapiqui-2\/\" class=\"woocommerce-LoopProduct-link hover-effect\"><img loading=\"lazy\" decoding=\"async\" width=\"300\" height=\"300\" src=\"https:\/\/costaricatoptours.com\/wp-content\/uploads\/2019\/05\/9-Hacienda-Pozo-Azul-Cabalgata-300x300.jpg\" class=\"attachment-woocommerce_thumbnail size-woocommerce_thumbnail\" alt=\"Hacienda Pozo Azul \u2013 Sarapiqu\u00ed\" srcset=\"https:\/\/costaricatoptours.com\/wp-content\/uploads\/2019\/05\/9-Hacienda-Pozo-Azul-Cabalgata-300x300.jpg 300w, https:\/\/costaricatoptours.com\/wp-content\/uploads\/2019\/05\/9-Hacienda-Pozo-Azul-Cabalgata-150x150.jpg 150w, https:\/\/costaricatoptours.com\/wp-content\/uploads\/2019\/05\/9-Hacienda-Pozo-Azul-Cabalgata-64x64.jpg 64w, https:\/\/costaricatoptours.com\/wp-content\/uploads\/2019\/05\/9-Hacienda-Pozo-Azul-Cabalgata-100x100.jpg 100w\" sizes=\"auto, (max-width: 300px) 100vw, 300px\" \/><\/a><\/figure><div class=\"details\"><h4 class=\"box-title\"><a href=\"https:\/\/costaricatoptours.com\/product\/hacienda-pozo-azul-sarapiqui-2\/\" title=\"Hacienda Pozo Azul \u2013 Sarapiqu\u00ed\">Hacienda Pozo Azul \u2013 Sarapiqu\u00ed<\/a><\/h4><div class=\"description\"><p><a href=\"https:\/\/costaricatoptours.com\/es\/uci-gran-fondo-costa-rica-2019\/\">&lt;&lt;Volver<\/a><\/p>\n<p>Hacienda Pozo Azul se encuentra en Sarapiqu\u00ed, a solo 90 minutos de San Jos\u00e9. Es una gran opci\u00f3n para la aventura, combinando 2 actividades para experimentar. Regular Colectivo (m\u00ednimo 2 personas).<\/p>\n<p>Elija entre lo siguiente:<\/p>\n<p>o Canopy, 9 cables y 13 plataformas en la excitante selva de Sarapiqu\u00ed.<\/p>\n<p>o Rafting clase II &amp; III, un recorrido de 13 Km.<\/p>\n<p>o Rappel, Descenso en una pared de 30 metros en el ca\u00f1\u00f3n del R\u00edo Sarapiqu\u00ed.<\/p>\n<p>o Cabalgata, Hemos seleccionado para usted los mejores caballos, fuertes, entrenados.<\/p>\n<p>o Safari en el rio, Un recorrido de 2 horas guiado en nuestras balsas por la parte baja del R\u00edo Sarapiqu\u00ed.<\/p>\n<p>o Caminata, Un recorrido por nuestros senderos, mariposario, ranario, puente colgante y bosque secundario<\/p>\n<\/div>\r\n    <span class=\"price\"><span class=\"woocommerce-Price-amount amount\"><bdi><span class=\"woocommerce-Price-currencySymbol\">&#36;<\/span>0.00<\/bdi><\/span> <small class=\"woocommerce-price-suffix\">13% IVA<\/small> <small><\/small><\/span>\r\n    <hr \/>\r\n<a href=\"?add-to-cart=4088\" data-quantity=\"1\" class=\"button product_type_simple add_to_cart_button ajax_add_to_cart\" data-product_id=\"4088\" data-product_sku=\"UCI-Pozo-Azul-ES\" aria-label=\"Add to cart: &ldquo;Hacienda Pozo Azul \u2013 Sarapiqu\u00ed&rdquo;\" rel=\"nofollow\" data-success_message=\"&ldquo;Hacienda Pozo Azul \u2013 Sarapiqu\u00ed&rdquo; has been added to your cart\">Add to cart<\/a><\/div>    <\/article>\r\n<\/li>\r\n<li class=\"product type-product post-4150 status-publish instock product_cat-uci-2019-od-tours-es has-post-thumbnail virtual sold-individually taxable purchasable product-type-simple\">\r\n    <article class=\"box\">\r\n        <figure><a href=\"https:\/\/costaricatoptours.com\/product\/en-el-camino-best-western-playa-jaco\/\" class=\"woocommerce-LoopProduct-link hover-effect\"><img loading=\"lazy\" decoding=\"async\" width=\"300\" height=\"300\" src=\"https:\/\/costaricatoptours.com\/wp-content\/uploads\/2019\/05\/BW-Jaco-Aereo-Pool-300x300.jpg\" class=\"attachment-woocommerce_thumbnail size-woocommerce_thumbnail\" alt=\"Hotel + Auto \u2013 Best Western Playa Jac\u00f3 (3noches\/4d\u00edas)\" srcset=\"https:\/\/costaricatoptours.com\/wp-content\/uploads\/2019\/05\/BW-Jaco-Aereo-Pool-300x300.jpg 300w, https:\/\/costaricatoptours.com\/wp-content\/uploads\/2019\/05\/BW-Jaco-Aereo-Pool-150x150.jpg 150w, https:\/\/costaricatoptours.com\/wp-content\/uploads\/2019\/05\/BW-Jaco-Aereo-Pool-64x64.jpg 64w, https:\/\/costaricatoptours.com\/wp-content\/uploads\/2019\/05\/BW-Jaco-Aereo-Pool-100x100.jpg 100w\" sizes=\"auto, (max-width: 300px) 100vw, 300px\" \/><\/a><\/figure><div class=\"details\"><h4 class=\"box-title\"><a href=\"https:\/\/costaricatoptours.com\/product\/en-el-camino-best-western-playa-jaco\/\" title=\"Hotel + Auto \u2013 Best Western Playa Jac\u00f3 (3noches\/4d\u00edas)\">Hotel + Auto \u2013 Best Western Playa Jac\u00f3 (3noches\/4d\u00edas)<\/a><\/h4><div class=\"description\"><p><a href=\"https:\/\/costaricatoptours.com\/uci-gran-fondo-costa-rica-2019\/\">&lt;&lt;Volver<\/a><\/p>\n<p>Emb\u00e1rquese en el viaje por carretera a trav\u00e9s de hermosos paisajes, viajar\u00e1 en un veh\u00edculo 4 \u00d7 4 a Playa Jaco, Playa Carrillo o Puntarenas. Podemos personalizar su itinerario, solo d\u00e9jenos saber su requerimiento.<\/p>\n<p><strong>Hotel Best Western Jaco Beach<\/strong><\/p>\n<p>A solo 90 minutos de San Jose. El Best Western Jac\u00f3 Beach Resort Todo Incluido se encuentra en el centro del pueblo de Jaco, por lo que podr\u00e1 pasear convenientemente por los distintos sitios de entretenimiento y compras de Jac\u00f3 para probar la cultura local costarricense. Este complejo todo incluido, ofrece a los hu\u00e9spedes 125 habitaciones que cuentan con Internet inal\u00e1mbrico y televisi\u00f3n por cable, comida y bebidas ilimitadas mientras contempla el Oc\u00e9ano Pac\u00edfico, as\u00ed como actividades emocionantes para todas las edades, piscinas al aire libre y canchas de tenis y voleibol.<\/p>\n<p><strong><u>D\u00eda 1:<\/u><\/strong><\/p>\n<p>A las <strong>09:00<\/strong> el representante del Rent a Car le esperara en el Lobby del Hotel para realizar la entrega del veh\u00edculo. Alojamiento en Hotel.<\/p>\n<p><strong><u>D\u00eda 2-3:<\/u><\/strong><\/p>\n<p>Desayuno. D\u00edas para disfrutar de las instalaciones o bien disfrutar de alguna actividad opcional. Alojamiento en Hotel.<\/p>\n<p><strong><u>D\u00eda 4:<\/u><\/strong><\/p>\n<p>Desayuno. Devoluci\u00f3n del auto a las 12:00 medio d\u00eda, en las oficinas del Car Rental.<\/p>\n<\/div>\r\n    <span class=\"price\"><span class=\"woocommerce-Price-amount amount\"><bdi><span class=\"woocommerce-Price-currencySymbol\">&#36;<\/span>0.00<\/bdi><\/span> <small class=\"woocommerce-price-suffix\">13% IVA<\/small> <small><\/small><\/span>\r\n    <hr \/>\r\n<a href=\"?add-to-cart=4150\" data-quantity=\"1\" class=\"button product_type_simple add_to_cart_button ajax_add_to_cart\" data-product_id=\"4150\" data-product_sku=\"UCI-On-the-road-Jaco-ES\" aria-label=\"Add to cart: &ldquo;Hotel + Auto \u2013 Best Western Playa Jac\u00f3 (3noches\/4d\u00edas)&rdquo;\" rel=\"nofollow\" data-success_message=\"&ldquo;Hotel + Auto \u2013 Best Western Playa Jac\u00f3 (3noches\/4d\u00edas)&rdquo; has been added to your cart\">Add to cart<\/a><\/div>    <\/article>\r\n<\/li>\r\n<li class=\"product type-product post-4164 status-publish instock product_cat-uci-2019-od-tours-es has-post-thumbnail virtual sold-individually taxable purchasable product-type-simple\">\r\n    <article class=\"box\">\r\n        <figure><a href=\"https:\/\/costaricatoptours.com\/product\/en-el-camino-playa-carrillo-3noches-4dias\/\" class=\"woocommerce-LoopProduct-link hover-effect\"><img loading=\"lazy\" decoding=\"async\" width=\"300\" height=\"300\" src=\"https:\/\/costaricatoptours.com\/wp-content\/uploads\/2019\/05\/13-Hotel-Nammbu-Beach-Front-Bungallows-300x300.jpg\" class=\"attachment-woocommerce_thumbnail size-woocommerce_thumbnail\" alt=\"Hotel + Auto \u2013 Playa Carrillo (3noches\/4d\u00edas)\" srcset=\"https:\/\/costaricatoptours.com\/wp-content\/uploads\/2019\/05\/13-Hotel-Nammbu-Beach-Front-Bungallows-300x300.jpg 300w, https:\/\/costaricatoptours.com\/wp-content\/uploads\/2019\/05\/13-Hotel-Nammbu-Beach-Front-Bungallows-150x150.jpg 150w, https:\/\/costaricatoptours.com\/wp-content\/uploads\/2019\/05\/13-Hotel-Nammbu-Beach-Front-Bungallows-64x64.jpg 64w, https:\/\/costaricatoptours.com\/wp-content\/uploads\/2019\/05\/13-Hotel-Nammbu-Beach-Front-Bungallows-100x100.jpg 100w\" sizes=\"auto, (max-width: 300px) 100vw, 300px\" \/><\/a><\/figure><div class=\"details\"><h4 class=\"box-title\"><a href=\"https:\/\/costaricatoptours.com\/product\/en-el-camino-playa-carrillo-3noches-4dias\/\" title=\"Hotel + Auto \u2013 Playa Carrillo (3noches\/4d\u00edas)\">Hotel + Auto \u2013 Playa Carrillo (3noches\/4d\u00edas)<\/a><\/h4><div class=\"description\"><p><a href=\"https:\/\/costaricatoptours.com\/uci-gran-fondo-costa-rica-2019\/\">&lt;&lt;Volver<\/a><\/p>\n<p>Emb\u00e1rquese en el viaje por carretera a trav\u00e9s de hermosos paisajes, viajar\u00e1 en un veh\u00edculo 4 \u00d7 4 a Playa Jaco, Playa Carrillo o Puntarenas. Podemos personalizar su itinerario, solo d\u00e9jenos saber su requerimiento.<\/p>\n<p><strong>Hotel Nammbu, Carrillo Beach<\/strong><\/p>\n<p>Localizado en Playa Carrillo a 4 horas de San Jos\u00e9.<\/p>\n<p>Nammb\u00fa, es un hotel familiar dise\u00f1ado para ofrecer a nuestros clientes un excelente servicio en un para\u00edso de playa. Ubicado en Playa Carrillo, ofrece servicio y hospedaje de primera clase junto a un alto inter\u00e9s en la conservaci\u00f3n del medio ambiente. Nuestro deseo es que comparta con nosotros el amor por la naturaleza y el deseo de preservar la biodiversidad de nuestro ecosistema. 63 habitaciones, closet, caja de seguridad, colchones ortop\u00e9dicos, habitaciones para discapacitados, ba\u00f1os grandes con agua caliente, tel\u00e9fono, la mejor vista de la playa de Carrillo, televisi\u00f3n LCD 40 &#8220;\/ 48&#8221;, cafetera, minibar, piscina, secador de pelo, lavander\u00eda, restaurante, Bar, Servicio de habitaciones, WiFi gratuito.<\/p>\n<p>Adem\u00e1s, hay much\u00edsimas actividades para realizar en la zona como: tours de anidaci\u00f3n de tortugas marinas, kayaking, paddle boarding, snorkeling, mountain bike, clases de surf, tours de avistamiento de delfines, tours de pajareo y caminatas.<\/p>\n<p><strong><u>Day 1:<\/u><\/strong><\/p>\n<p>At <strong>09:00<\/strong> the car rental representative will be waiting at the hotel lobby to deliver the car. Accommodation at Hotel.<\/p>\n<p><strong><u>Day 2-3:<\/u><\/strong><\/p>\n<p>Breakfast. Enjoy the hotel facilities or optional activity. Accommodation at Hotel.<\/p>\n<p><strong><u>Day 4:<\/u><\/strong><\/p>\n<p>Breakfast. Return your car rental (12:00 md), at the Car Rental office.<\/p>\n<\/div>\r\n    <span class=\"price\"><span class=\"woocommerce-Price-amount amount\"><bdi><span class=\"woocommerce-Price-currencySymbol\">&#36;<\/span>0.00<\/bdi><\/span> <small class=\"woocommerce-price-suffix\">13% IVA<\/small> <small><\/small><\/span>\r\n    <hr \/>\r\n<a href=\"?add-to-cart=4164\" data-quantity=\"1\" class=\"button product_type_simple add_to_cart_button ajax_add_to_cart\" data-product_id=\"4164\" data-product_sku=\"UCI-On-the-road-Carrillo-ES\" aria-label=\"Add to cart: &ldquo;Hotel + Auto \u2013 Playa Carrillo (3noches\/4d\u00edas)&rdquo;\" rel=\"nofollow\" data-success_message=\"&ldquo;Hotel + Auto \u2013 Playa Carrillo (3noches\/4d\u00edas)&rdquo; has been added to your cart\">Add to cart<\/a><\/div>    <\/article>\r\n<\/li>\r\n<li class=\"product type-product post-4152 status-publish last instock product_cat-uci-2019-od-tours-es has-post-thumbnail virtual sold-individually taxable purchasable product-type-simple\">\r\n    <article class=\"box\">\r\n        <figure><a href=\"https:\/\/costaricatoptours.com\/product\/en-el-camino-puntarenas-3noches-4dias\/\" class=\"woocommerce-LoopProduct-link hover-effect\"><img loading=\"lazy\" decoding=\"async\" width=\"300\" height=\"300\" src=\"https:\/\/costaricatoptours.com\/wp-content\/uploads\/2019\/05\/2-Puerto-Azul-Piscina-300x300.jpg\" class=\"attachment-woocommerce_thumbnail size-woocommerce_thumbnail\" alt=\"Hotel + Auto \u2013 Puntarenas (3noches\/4d\u00edas)\" srcset=\"https:\/\/costaricatoptours.com\/wp-content\/uploads\/2019\/05\/2-Puerto-Azul-Piscina-300x300.jpg 300w, https:\/\/costaricatoptours.com\/wp-content\/uploads\/2019\/05\/2-Puerto-Azul-Piscina-150x150.jpg 150w, https:\/\/costaricatoptours.com\/wp-content\/uploads\/2019\/05\/2-Puerto-Azul-Piscina-64x64.jpg 64w, https:\/\/costaricatoptours.com\/wp-content\/uploads\/2019\/05\/2-Puerto-Azul-Piscina-100x100.jpg 100w\" sizes=\"auto, (max-width: 300px) 100vw, 300px\" \/><\/a><\/figure><div class=\"details\"><h4 class=\"box-title\"><a href=\"https:\/\/costaricatoptours.com\/product\/en-el-camino-puntarenas-3noches-4dias\/\" title=\"Hotel + Auto \u2013 Puntarenas (3noches\/4d\u00edas)\">Hotel + Auto \u2013 Puntarenas (3noches\/4d\u00edas)<\/a><\/h4><div class=\"description\"><p><a href=\"https:\/\/costaricatoptours.com\/uci-gran-fondo-costa-rica-2019\/\">&lt;&lt;Volver<\/a><\/p>\n<p>Emb\u00e1rquese en el viaje por carretera a trav\u00e9s de hermosos paisajes, viajar\u00e1 en un veh\u00edculo 4 \u00d7 4 a Playa Jaco, Playa Carrillo o Puntarenas. Podemos personalizar su itinerario, solo d\u00e9jenos saber su requerimiento.<\/p>\n<p><strong>Hotel Club Puerto Azul<\/strong><\/p>\n<p>A solo 90 minutos de San Jose, en el centro de Puntarenas. Cuenta con 32 habitaciones est\u00e1ndar y alojamientos de lujo en la Torre con 30 exclusivas suites, piscinas, restaurante con cocina local e internacional, jardines y Marina, rodeado de asombrosos ambientes marinos y manglares.<\/p>\n<p><strong><u>D\u00eda 1:<\/u><\/strong><\/p>\n<p>A las <strong>09:00<\/strong> el representante del Rent a Car le esperara en el Lobby del Hotel para realizar la entrega del veh\u00edculo. Alojamiento en Hotel.<\/p>\n<p><strong><u>D\u00eda 2-3:<\/u><\/strong><\/p>\n<p>Desayuno. D\u00edas para disfrutar de las instalaciones o bien disfrutar de alguna actividad opcional. Alojamiento en Hotel.<\/p>\n<p><strong><u>D\u00eda 4:<\/u><\/strong><\/p>\n<p>Desayuno. Devoluci\u00f3n del auto a las 12:00 medio d\u00eda, en las oficinas del Car Rental.<\/p>\n<\/div>\r\n    <span class=\"price\"><span class=\"woocommerce-Price-amount amount\"><bdi><span class=\"woocommerce-Price-currencySymbol\">&#36;<\/span>0.00<\/bdi><\/span> <small class=\"woocommerce-price-suffix\">13% IVA<\/small> <small><\/small><\/span>\r\n    <hr \/>\r\n<a href=\"?add-to-cart=4152\" data-quantity=\"1\" class=\"button product_type_simple add_to_cart_button ajax_add_to_cart\" data-product_id=\"4152\" data-product_sku=\"UCI-On-the-road-Puntarenas-ES\" aria-label=\"Add to cart: &ldquo;Hotel + Auto \u2013 Puntarenas (3noches\/4d\u00edas)&rdquo;\" rel=\"nofollow\" data-success_message=\"&ldquo;Hotel + Auto \u2013 Puntarenas (3noches\/4d\u00edas)&rdquo; has been added to your cart\">Add to cart<\/a><\/div>    <\/article>\r\n<\/li>\r\n<li class=\"product type-product post-4080 status-publish first instock product_cat-uci-2019-od-tours-es product_cat-uncategorized-es product_tag-uci-tour-es has-post-thumbnail virtual sold-individually taxable purchasable product-type-simple\">\r\n    <article class=\"box\">\r\n        <figure><a href=\"https:\/\/costaricatoptours.com\/product\/tortuguero-2-noches-3-dias\/\" class=\"woocommerce-LoopProduct-link hover-effect\"><img loading=\"lazy\" decoding=\"async\" width=\"300\" height=\"300\" src=\"https:\/\/costaricatoptours.com\/wp-content\/uploads\/2019\/05\/7-Pachira-Lodge-Piscina-y-Bar-300x300.jpg\" class=\"attachment-woocommerce_thumbnail size-woocommerce_thumbnail\" alt=\"Tortuguero 2 Noches\/3 D\u00edas\" srcset=\"https:\/\/costaricatoptours.com\/wp-content\/uploads\/2019\/05\/7-Pachira-Lodge-Piscina-y-Bar-300x300.jpg 300w, https:\/\/costaricatoptours.com\/wp-content\/uploads\/2019\/05\/7-Pachira-Lodge-Piscina-y-Bar-150x150.jpg 150w, https:\/\/costaricatoptours.com\/wp-content\/uploads\/2019\/05\/7-Pachira-Lodge-Piscina-y-Bar-64x64.jpg 64w, https:\/\/costaricatoptours.com\/wp-content\/uploads\/2019\/05\/7-Pachira-Lodge-Piscina-y-Bar-100x100.jpg 100w\" sizes=\"auto, (max-width: 300px) 100vw, 300px\" \/><\/a><\/figure><div class=\"details\"><h4 class=\"box-title\"><a href=\"https:\/\/costaricatoptours.com\/product\/tortuguero-2-noches-3-dias\/\" title=\"Tortuguero 2 Noches\/3 D\u00edas\">Tortuguero 2 Noches\/3 D\u00edas<\/a><\/h4><div class=\"description\"><p><a href=\"https:\/\/costaricatoptours.com\/es\/uci-gran-fondo-costa-rica-2019\/\">&lt;&lt;Volver<\/a><\/p>\n<p><strong><u>D\u00eda 1:<\/u><\/strong><\/p>\n<p>Salida temprano de su hotel en la ma\u00f1ana. Desayuno en Ruta. Abordar un c\u00f3modo bote al llegar al muelle y d\u00e9jese encantar por este para\u00edso ex\u00f3tico, mientras viajamos por los Canales de Tortuguero. Disfrute de un coctel refrescante y un almuerzo mientras es bienvenido al Lodge. Luego del almuerzo, visitaremos el peque\u00f1o y pintoresco pueblo de Tortuguero. Cena ser\u00e1 servida al llegar al Lodge.<\/p>\n<p><strong><u>D\u00eda 2:<\/u><\/strong><\/p>\n<p>Desayuno en el Lodge. Tour de caminata a trav\u00e9s del sendero privado del Lodge. Disfrute de un almuerzo en el Lodge. Tomase su tiempo para disfrutar un viaje en bote a trav\u00e9s de los Canales del Parque Nacional Tortuguero (Entrada Incluida).<\/p>\n<p><strong><u>D\u00eda 3:<\/u><\/strong><\/p>\n<p>Desayuno en el Lodge. Salida hacia San Jos\u00e9. Almuerzo en el camino. Llegada a San Jos\u00e9 en las horas de la tarde.<\/p>\n<\/div>\r\n    <span class=\"price\"><span class=\"woocommerce-Price-amount amount\"><bdi><span class=\"woocommerce-Price-currencySymbol\">&#36;<\/span>0.00<\/bdi><\/span> <small class=\"woocommerce-price-suffix\">13% IVA<\/small> <small><\/small><\/span>\r\n    <hr \/>\r\n<a href=\"?add-to-cart=4080\" data-quantity=\"1\" class=\"button product_type_simple add_to_cart_button ajax_add_to_cart\" data-product_id=\"4080\" data-product_sku=\"UCI-Tortuguero-MD-ES\" aria-label=\"Add to cart: &ldquo;Tortuguero 2 Noches\/3 D\u00edas&rdquo;\" rel=\"nofollow\" data-success_message=\"&ldquo;Tortuguero 2 Noches\/3 D\u00edas&rdquo; has been added to your cart\">Add to cart<\/a><\/div>    <\/article>\r\n<\/li>\r\n<li class=\"product type-product post-4090 status-publish instock product_cat-uci-2019-od-tours-es product_cat-uncategorized-es product_tag-uci-tour-es has-post-thumbnail virtual sold-individually taxable purchasable product-type-simple\">\r\n    <article class=\"box\">\r\n        <figure><a href=\"https:\/\/costaricatoptours.com\/product\/tour-de-la-ciudad-de-san-jose\/\" class=\"woocommerce-LoopProduct-link hover-effect\"><img loading=\"lazy\" decoding=\"async\" width=\"300\" height=\"300\" src=\"https:\/\/costaricatoptours.com\/wp-content\/uploads\/2019\/05\/national-teather-angel-300x300.jpg\" class=\"attachment-woocommerce_thumbnail size-woocommerce_thumbnail\" alt=\"Tour de la Ciudad de San Jos\u00e9\" srcset=\"https:\/\/costaricatoptours.com\/wp-content\/uploads\/2019\/05\/national-teather-angel-300x300.jpg 300w, https:\/\/costaricatoptours.com\/wp-content\/uploads\/2019\/05\/national-teather-angel-150x150.jpg 150w, https:\/\/costaricatoptours.com\/wp-content\/uploads\/2019\/05\/national-teather-angel-64x64.jpg 64w, https:\/\/costaricatoptours.com\/wp-content\/uploads\/2019\/05\/national-teather-angel-100x100.jpg 100w\" sizes=\"auto, (max-width: 300px) 100vw, 300px\" \/><\/a><\/figure><div class=\"details\"><h4 class=\"box-title\"><a href=\"https:\/\/costaricatoptours.com\/product\/tour-de-la-ciudad-de-san-jose\/\" title=\"Tour de la Ciudad de San Jos\u00e9\">Tour de la Ciudad de San Jos\u00e9<\/a><\/h4><div class=\"description\"><p><a href=\"https:\/\/costaricatoptours.com\/es\/uci-gran-fondo-costa-rica-2019\/\">&lt;&lt;Volver<\/a><\/p>\n<p>Esta excursi\u00f3n le muestra la cultura e historia de Costa Rica por medio de visitas a museos y sitios hist\u00f3ricos en la ciudad de San Jos\u00e9. Visitaremos sitios de inter\u00e9s hist\u00f3rico como por ejemplo el Teatro Nacional monumento patrio construido por manos costarricenses en 1897 conocido tambi\u00e9n como \u201dLa joya de San Jos\u00e9\u201d, el museo del oro costarricense (sitio de gran inter\u00e9s arqueol\u00f3gico), adem\u00e1s de varios puntos de igual importancia en la ciudad, como por ejemplo: La Universidad de Costa Rica, tribunal supremo de elecciones, en fin, una introducci\u00f3n a nuestra ciudad capital, as\u00ed como informaci\u00f3n de temas de gran relevancia incluyendo econom\u00eda, cultura, pol\u00edtica, religi\u00f3n, y actualidad en general. Servicio Regular Colectivo (m\u00ednimo 2 personas).<\/p>\n<\/div>\r\n    <span class=\"price\"><span class=\"woocommerce-Price-amount amount\"><bdi><span class=\"woocommerce-Price-currencySymbol\">&#36;<\/span>0.00<\/bdi><\/span> <small class=\"woocommerce-price-suffix\">13% IVA<\/small> <small><\/small><\/span>\r\n    <hr \/>\r\n<a href=\"?add-to-cart=4090\" data-quantity=\"1\" class=\"button product_type_simple add_to_cart_button ajax_add_to_cart\" data-product_id=\"4090\" data-product_sku=\"UCI-SJO-ES\" aria-label=\"Add to cart: &ldquo;Tour de la Ciudad de San Jos\u00e9&rdquo;\" rel=\"nofollow\" data-success_message=\"&ldquo;Tour de la Ciudad de San Jos\u00e9&rdquo; has been added to your cart\">Add to cart<\/a><\/div>    <\/article>\r\n<\/li>\r\n<li class=\"product type-product post-4085 status-publish instock product_cat-uci-2019-od-tours-es product_cat-uncategorized-es product_tag-uci-tour-es has-post-thumbnail virtual sold-individually taxable purchasable product-type-simple\">\r\n    <article class=\"box\">\r\n        <figure><a href=\"https:\/\/costaricatoptours.com\/product\/volcan-irazu-hacienda-orosi\/\" class=\"woocommerce-LoopProduct-link hover-effect\"><img loading=\"lazy\" decoding=\"async\" width=\"300\" height=\"300\" src=\"https:\/\/costaricatoptours.com\/wp-content\/uploads\/2019\/05\/Volc\u00e1n-Iraz\u00fa-1-300x300.jpg\" class=\"attachment-woocommerce_thumbnail size-woocommerce_thumbnail\" alt=\"Volc\u00e1n Irazu &amp; Hacienda Orosi\" srcset=\"https:\/\/costaricatoptours.com\/wp-content\/uploads\/2019\/05\/Volc\u00e1n-Iraz\u00fa-1-300x300.jpg 300w, https:\/\/costaricatoptours.com\/wp-content\/uploads\/2019\/05\/Volc\u00e1n-Iraz\u00fa-1-150x150.jpg 150w, https:\/\/costaricatoptours.com\/wp-content\/uploads\/2019\/05\/Volc\u00e1n-Iraz\u00fa-1-64x64.jpg 64w, https:\/\/costaricatoptours.com\/wp-content\/uploads\/2019\/05\/Volc\u00e1n-Iraz\u00fa-1-100x100.jpg 100w\" sizes=\"auto, (max-width: 300px) 100vw, 300px\" \/><\/a><\/figure><div class=\"details\"><h4 class=\"box-title\"><a href=\"https:\/\/costaricatoptours.com\/product\/volcan-irazu-hacienda-orosi\/\" title=\"Volc\u00e1n Irazu &#038; Hacienda Orosi\">Volc\u00e1n Irazu &#038; Hacienda Orosi<\/a><\/h4><div class=\"description\"><p><a href=\"https:\/\/costaricatoptours.com\/es\/uci-gran-fondo-costa-rica-2019\/\">&lt;&lt;Volver<\/a><\/p>\n<p>En la cima del volc\u00e1n se contemplan sus principales cr\u00e1teres. En un d\u00eda claro y despejado existe la posibilidad de ver el Oc\u00e9ano Pac\u00edfico y el Mar Caribe. Al descender a la ciudad de Cartago, se visita la Bas\u00edlica de la Virgen de los \u00c1ngeles, seg\u00fan la costumbre religiosa es el lugar de peregrinaci\u00f3n de muchos creyentes. Rodeada de bosque lluvioso y exuberante vegetaci\u00f3n, La Hacienda Orosi ha sido bendecida por la madre tierra con nacientes de agua hipertermal mineral.<\/p>\n<p>Estas ricas nacientes de aguas hipertermales minerales \u201ctel\u00faricas\u201d (no magm\u00e1tica o volc\u00e1nica), se filtran entre las capas de la tierra y brotan en el centro del bosque lluvioso a m\u00e1s de 65 grados cent\u00edgrados. Los minerales, sales e iones que la componen enriquecen los tejidos de la piel y estimulan los sentidos. Hacienda Orosi, tierra m\u00edstica donde la energ\u00eda positiva se percibe al caminar, la tranquilidad al suspirar y la paz al disfrutar de este lugar. Servicio Regular Colectivo (m\u00ednimo 2 personas).<\/p>\n<\/div>\r\n    <span class=\"price\"><span class=\"woocommerce-Price-amount amount\"><bdi><span class=\"woocommerce-Price-currencySymbol\">&#36;<\/span>0.00<\/bdi><\/span> <small class=\"woocommerce-price-suffix\">13% IVA<\/small> <small><\/small><\/span>\r\n    <hr \/>\r\n<a href=\"?add-to-cart=4085\" data-quantity=\"1\" class=\"button product_type_simple add_to_cart_button ajax_add_to_cart\" data-product_id=\"4085\" data-product_sku=\"UCI-Irazu-ES\" aria-label=\"Add to cart: &ldquo;Volc\u00e1n Irazu &amp; Hacienda Orosi&rdquo;\" rel=\"nofollow\" data-success_message=\"&ldquo;Volc\u00e1n Irazu &amp; Hacienda Orosi&rdquo; has been added to your cart\">Add to cart<\/a><\/div>    <\/article>\r\n<\/li>\r\n<li class=\"product type-product post-4086 status-publish last instock product_cat-uci-2019-od-tours-es product_cat-uncategorized-es product_tag-uci-tour-es has-post-thumbnail virtual sold-individually taxable purchasable product-type-simple\">\r\n    <article class=\"box\">\r\n        <figure><a href=\"https:\/\/costaricatoptours.com\/product\/zipline-san-luis-2\/\" class=\"woocommerce-LoopProduct-link hover-effect\"><img loading=\"lazy\" decoding=\"async\" width=\"300\" height=\"300\" src=\"https:\/\/costaricatoptours.com\/wp-content\/uploads\/2019\/05\/Canopy-San-Luis-10-300x300.jpg\" class=\"attachment-woocommerce_thumbnail size-woocommerce_thumbnail\" alt=\"Zipline San Luis\" srcset=\"https:\/\/costaricatoptours.com\/wp-content\/uploads\/2019\/05\/Canopy-San-Luis-10-300x300.jpg 300w, https:\/\/costaricatoptours.com\/wp-content\/uploads\/2019\/05\/Canopy-San-Luis-10-150x150.jpg 150w, https:\/\/costaricatoptours.com\/wp-content\/uploads\/2019\/05\/Canopy-San-Luis-10-64x64.jpg 64w, https:\/\/costaricatoptours.com\/wp-content\/uploads\/2019\/05\/Canopy-San-Luis-10-100x100.jpg 100w\" sizes=\"auto, (max-width: 300px) 100vw, 300px\" \/><\/a><\/figure><div class=\"details\"><h4 class=\"box-title\"><a href=\"https:\/\/costaricatoptours.com\/product\/zipline-san-luis-2\/\" title=\"Zipline San Luis\">Zipline San Luis<\/a><\/h4><div class=\"description\"><p><a href=\"https:\/\/costaricatoptours.com\/es\/uci-gran-fondo-costa-rica-2019\/\">&lt;&lt;Volver<\/a><\/p>\n<p>Dejamos la ciudad y nos adentramos entre las monta\u00f1as que rodean nuestro Valle Central, un escenario de espectacular vegetaci\u00f3n y extensos campos de caf\u00e9, plantas ornamentales y pintorescos pueblos t\u00edpicos de Costa Rica. A medida que ascendemos viviremos los cambios clim\u00e1ticos que gozamos en nuestro pa\u00eds. Esta es una experiencia que se vive una sola vez, la cual consiste en deslizarse de una plataforma a otra, volando a trav\u00e9s del Canopy. El Canopy de San Lorenzo est\u00e1 localizado en medio de una reserva forestal tropical, en un hermoso campo donde encontramos orqu\u00eddeas, bromelias y otras plantas ornamentales.<\/p>\n<p>La longitud total de los cables es de 2500 m distribuidos en 19 plataformas. Adem\u00e1s, el Canopy de San Lorenzo ofrece uno de los cables m\u00e1s largos del pa\u00eds. Entre plataforma y plataforma el gu\u00eda explicar\u00e1 al visitante los aspectos m\u00e1s importantes del bosque que observamos. Finalmente, y despu\u00e9s de una corta caminata tomaremos un delicioso almuerzo en el restaurante Gran Vista del Hotel Valle Escondido. \u00a0Servicio Regular Colectivo (m\u00ednimo 2 personas).<\/p>\n<\/div>\r\n    <span class=\"price\"><span class=\"woocommerce-Price-amount amount\"><bdi><span class=\"woocommerce-Price-currencySymbol\">&#36;<\/span>0.00<\/bdi><\/span> <small class=\"woocommerce-price-suffix\">13% IVA<\/small> <small><\/small><\/span>\r\n    <hr \/>\r\n<a href=\"?add-to-cart=4086\" data-quantity=\"1\" class=\"button product_type_simple add_to_cart_button ajax_add_to_cart\" data-product_id=\"4086\" data-product_sku=\"UCI-San-Luis-ES\" aria-label=\"Add to cart: &ldquo;Zipline San Luis&rdquo;\" rel=\"nofollow\" data-success_message=\"&ldquo;Zipline San Luis&rdquo; has been added to your cart\">Add to cart<\/a><\/div>    <\/article>\r\n<\/li>\r\n<\/ul>\n<\/div>[vc_custom_heading text=&#8221;Renta de Auto&#8221; font_container=&#8221;tag:h1|text_align:left&#8221; use_theme_fonts=&#8221;yes&#8221; css=&#8221;.vc_custom_1565779518916{margin-right: 10px !important;margin-left: 10px !important;}&#8221; el_id=&#8221;rent&#8221;][vc_single_image image=&#8221;11574&#8243; img_size=&#8221;full&#8221; alignment=&#8221;center&#8221;][vc_column_text css=&#8221;.vc_custom_1565779546523{margin-right: 10px !important;margin-left: 10px !important;}&#8221;]Solid Car Rental tiene una moderna flota de veh\u00edculos, ideal para su aventura en Costa Rica<\/p>\n<p>Si desea m\u00e1s informaci\u00f3n sobre nuestros servicios y tarifas, por favor p\u00f3ngase en contacto\u00a0<a href=\"mailto:info@crtoptours.com?subject=CRC506-GranFondo\">info@crtoptours.com<\/a>[\/vc_column_text][vc_empty_space height=&#8221;25px&#8221;][vc_custom_heading text=&#8221;Acerca de Costa Rica&#8221; font_container=&#8221;tag:h1|text_align:left&#8221; use_theme_fonts=&#8221;yes&#8221; css=&#8221;.vc_custom_1558947140437{margin-right: 10px !important;margin-left: 10px !important;}&#8221;][vc_tta_accordion style=&#8221;modern&#8221; color=&#8221;sky&#8221; spacing=&#8221;10&#8243; c_icon=&#8221;chevron&#8221; active_section=&#8221;10&#8243; collapsible_all=&#8221;true&#8221;][vc_tta_section i_icon_fontawesome=&#8221;fa fa-info-circle&#8221; add_icon=&#8221;true&#8221; title=&#8221;Click aqu\u00ed para conocer m\u00e1s acerca de este peque\u00f1o para\u00edso&#8221; tab_id=&#8221;1557252279071-fa8123fe-cf5e&#8221;][vc_video link=&#8221;https:\/\/youtu.be\/Kn6qgfTmsyA&#8221; align=&#8221;center&#8221;][vc_empty_space height=&#8221;15px&#8221;][vc_column_text]<\/p>\n<p style=\"text-align: justify;\">Costa Rica covers an area of approximately 20,000 square miles (51,800 Km2 ). It is located on the southern tip of Central America, between the Pacific Ocean and the Caribbean Sea, placing the country in a privileged spot.<\/p>\n<p style=\"text-align: justify;\">The average temperature in most regions fluctuates between 20\u00b0C and 26\u00b0C degrees year round. The rainy or \u201cgreen season\u201d runs from May until November; during daytime it is mostly sunny and when it rains it is not for long periods of time. Dry season, the equivalent of summer, begins around the middle of November and ends in April.<\/p>\n<p style=\"text-align: justify;\">Costa Rica estimated population of 4,500,000 persons are mostly Caucasians of European descend, mainly from Spaniards who arrived in the early XVI century. There is also a minority group of Jamaican descend, of about 50,000, and an indigenous population of about 10,000.<\/p>\n<p style=\"text-align: justify;\">The official language is Spanish, though English is widely spoken. The official religion is Roman Catholic Apostolic, with freedom to practice any other religion. Costa Rica\u2019s currency is the Col\u00f3n.<\/p>\n<p style=\"text-align: justify;\">Depending on your citizenship you might need a visa to enter the country, please check in your country of origin. Travelers must have a passport with at least 6 months validity prior to the date of entry in Costa Rica.<\/p>\n<p>Please verify if you may need the Yellow Fever Vaccine to enter the country. An inoculation certificate is required for some countries.<\/p>\n<p style=\"text-align: justify;\">Voltage: The electrical current in Costa Rica is 110V, with a US-standard two-prong plug.<\/p>\n<p>The country\u2019s area code for international calls is 506, followed by the telephone number you are calling.<\/p>\n<p style=\"text-align: justify;\">Costa Rica\u2019s exceptional rich flora and fauna are due not only to its variety in climates and environmental conditions, but also to the fact that the country has a combination of vegetation and animals from both the Northern and Southern hemispheres. The country has more than 600 species of plants, 230 species of animals, 760 species of birds (more than the US and Canada combined), more than 1300 species of trees, 800 species of ferns, more than 1000 species of orchids, and 10% of the world\u2019s butterflies, all protected by Costa Rica\u2019s National Park System. This tiny nation has international standing in the conservation community for its commitment to the preservation of forest and wildlife.<\/p>\n<p style=\"text-align: justify;\">The food in Costa Rica is tasty and simply seasoned. It is mostly made of local products: fruit, vegetables, fish, meat, and seafood. Vegetables are plentiful and varied, only to be surpassed by the selection of fruit. Typical dishes are: \u201cGallo Pinto\u201d, a mixture of rice, beans, bell pepper, and onions, and \u201cCasado\u201d, a dish that offers white rice, beans, a small green salad, fried plantains, and either beef, chicken, fish or egg.<\/p>\n<p style=\"text-align: justify;\">Crafts are available in wood, pottery, leather, coffee products, metal, and bamboo. The choice is wide and there is something for every budget.<\/p>\n<p>[\/vc_column_text][\/vc_tta_section][\/vc_tta_accordion][vc_empty_space][vc_custom_heading text=&#8221;\u00a1Cont\u00e1ctenos!&#8221; font_container=&#8221;tag:h1|text_align:left&#8221; use_theme_fonts=&#8221;yes&#8221; css=&#8221;.vc_custom_1558947157679{margin-right: 10px !important;margin-left: 10px !important;}&#8221; el_id=&#8221;contact&#8221;][vc_empty_space][vc_row_inner][vc_column_inner width=&#8221;1\/4&#8243; css=&#8221;.vc_custom_1557255508466{margin-right: 10px !important;margin-left: 10px !important;}&#8221;][vc_single_image image=&#8221;3686&#8243; img_size=&#8221;100&#215;100&#8243; alignment=&#8221;center&#8221;][vc_empty_space][vc_column_text]Estamos aqu\u00ed para ayudarle<\/p>\n<p>Costa Rica Top Tours<br \/>\nTel. +506 2588-2891<br \/>\nWhatsApp: +506 8402-8750<br \/>\nEmail: <a href=\"mailto:info@crtoptours.com\">info@crtoptours.com<\/a>[\/vc_column_text][\/vc_column_inner][vc_column_inner width=&#8221;3\/4&#8243; css=&#8221;.vc_custom_1557255496870{margin-right: 10px !important;margin-left: 10px !important;}&#8221;]\n<div class=\"wpcf7 no-js\" id=\"wpcf7-f4078-o1\" lang=\"en-US\" dir=\"ltr\" data-wpcf7-id=\"4078\">\n<div class=\"screen-reader-response\"><p role=\"status\" aria-live=\"polite\" aria-atomic=\"true\"><\/p> <ul><\/ul><\/div>\n<form action=\"\/wp-json\/wp\/v2\/pages\/4067#wpcf7-f4078-o1\" method=\"post\" class=\"wpcf7-form init\" aria-label=\"Contact form\" novalidate=\"novalidate\" data-status=\"init\">\n<div style=\"display: none;\">\n<input type=\"hidden\" name=\"_wpcf7\" value=\"4078\" \/>\n<input type=\"hidden\" name=\"_wpcf7_version\" value=\"6.0.6\" \/>\n<input type=\"hidden\" name=\"_wpcf7_locale\" value=\"en_US\" \/>\n<input type=\"hidden\" name=\"_wpcf7_unit_tag\" value=\"wpcf7-f4078-o1\" \/>\n<input type=\"hidden\" name=\"_wpcf7_container_post\" value=\"0\" \/>\n<input type=\"hidden\" name=\"_wpcf7_posted_data_hash\" value=\"\" \/>\n<input type=\"hidden\" name=\"_wpcf7_recaptcha_response\" value=\"\" \/>\n<\/div>\n<p><strong class=\"form-title\"><label for=\"fname\">Nombre<\/label><\/strong><br \/>\n<span class=\"wpcf7-form-control-wrap\" data-name=\"your-name\"><input size=\"40\" maxlength=\"400\" class=\"wpcf7-form-control wpcf7-text wpcf7-validates-as-required\" id=\"fname\" aria-required=\"true\" aria-invalid=\"false\" value=\"\" type=\"text\" name=\"your-name\" \/><\/span>\n<\/p>\n<p><strong class=\"form-title\"><label for=\"lname\">Apellidos<\/label><\/strong><br \/>\n<span class=\"wpcf7-form-control-wrap\" data-name=\"lname\"><input size=\"40\" maxlength=\"400\" class=\"wpcf7-form-control wpcf7-text wpcf7-validates-as-required\" id=\"lname\" aria-required=\"true\" aria-invalid=\"false\" value=\"\" type=\"text\" name=\"lname\" \/><\/span>\n<\/p>\n<p><strong class=\"form-title\"><label for=\"email\">Email<\/label><\/strong><br \/>\n<span class=\"wpcf7-form-control-wrap\" data-name=\"your-email\"><input size=\"40\" maxlength=\"400\" class=\"wpcf7-form-control wpcf7-email wpcf7-validates-as-required wpcf7-text wpcf7-validates-as-email\" id=\"email\" aria-required=\"true\" aria-invalid=\"false\" value=\"\" type=\"email\" name=\"your-email\" \/><\/span>\n<\/p>\n<p><strong class=\"form-title\"><label for=\"phone\">Tel\u00e9fono<\/label><\/strong><br \/>\n<span class=\"wpcf7-form-control-wrap\" data-name=\"phone\"><input size=\"40\" maxlength=\"400\" class=\"wpcf7-form-control wpcf7-text\" id=\"phone\" aria-invalid=\"false\" value=\"\" type=\"text\" name=\"phone\" \/><\/span>\n<\/p>\n<p><strong class=\"form-title\"><label for=\"country\">Pa\u00eds<\/label><\/strong><br \/>\n<span class=\"wpcf7-form-control-wrap\" data-name=\"country\"><input size=\"40\" maxlength=\"400\" class=\"wpcf7-form-control wpcf7-text\" id=\"country\" aria-invalid=\"false\" value=\"\" type=\"text\" name=\"country\" \/><\/span>\n<\/p>\n<p><strong class=\"form-title\"><label for=\"message\">Mensaje<\/label><\/strong><br \/>\n<span class=\"wpcf7-form-control-wrap\" data-name=\"your-message\"><textarea cols=\"40\" rows=\"10\" maxlength=\"2000\" class=\"wpcf7-form-control wpcf7-textarea wpcf7-validates-as-required\" id=\"message\" aria-required=\"true\" aria-invalid=\"false\" name=\"your-message\"><\/textarea><\/span>\n<\/p>\n<p style=\"text-align: center; padding: 25px\">\n<span class=\"wpcf7-form-control-wrap recaptcha\" data-name=\"recaptcha\"><span data-sitekey=\"6LfCKmkUAAAAAEE2pNt0V6Xa1YCtD7U5zrMBene9\" class=\"wpcf7-form-control wpcf7-recaptcha g-recaptcha\"><\/span>\r\n<noscript>\r\n\t<div class=\"grecaptcha-noscript\">\r\n\t\t<iframe loading=\"lazy\" src=\"https:\/\/www.google.com\/recaptcha\/api\/fallback?k=6LfCKmkUAAAAAEE2pNt0V6Xa1YCtD7U5zrMBene9\" frameborder=\"0\" scrolling=\"no\" width=\"310\" height=\"430\">\r\n\t\t<\/iframe>\r\n\t\t<textarea name=\"g-recaptcha-response\" rows=\"3\" cols=\"40\" placeholder=\"reCaptcha Response Here\">\r\n\t\t<\/textarea>\r\n\t<\/div>\r\n<\/noscript>\r\n<\/span>\n<\/p>\n<p style=\"padding: 25px;\"><input class=\"wpcf7-form-control wpcf7-submit has-spinner btn btn-white\" id=\"btn_sent\" type=\"submit\" value=\"\u00a1Cont\u00e1ctenos!\" \/>\n<\/p><div class=\"wpcf7-response-output\" aria-hidden=\"true\"><\/div>\n<\/form>\n<\/div>\n[\/vc_column_inner][\/vc_row_inner][\/vc_column][vc_column width=&#8221;1\/6&#8243;][vc_empty_space][\/vc_column][\/vc_row]<\/p>\n<\/div>","protected":false},"excerpt":{"rendered":"<p>[vc_row css=&#8221;.vc_custom_1558352611203{background-image: url(https:\/\/costaricatoptours.com\/wp-content\/uploads\/2019\/05\/back-test-4.jpg?id=3999) !important;}&#8221;][vc_column width=&#8221;1\/6&#8243;][vc_empty_space][\/vc_column][vc_column width=&#8221;2\/3&#8243;][vc_empty_space height=&#8221;10px&#8221;][vc_single_image image=&#8221;10207&#8243; img_size=&#8221;600&#215;255&#8243; alignment=&#8221;center&#8221;][vc_empty_space height=&#8221;10px&#8221;][vc_row_inner][vc_column_inner width=&#8221;1\/6&#8243;][vc_btn title=&#8221;Hoteles&#8221; color=&#8221;primary&#8221; size=&#8221;sm&#8221; align=&#8221;center&#8221; button_block=&#8221;true&#8221; link=&#8221;url:%23accommodations|||&#8221;][\/vc_column_inner][vc_column_inner width=&#8221;1\/6&#8243;][vc_btn title=&#8221;Pre &amp; Post Tours&#8221; color=&#8221;primary&#8221; size=&#8221;sm&#8221; align=&#8221;center&#8221; button_block=&#8221;true&#8221; link=&#8221;url:%23tours|||&#8221;][\/vc_column_inner][vc_column_inner width=&#8221;1\/6&#8243;][vc_btn title=&#8221;Renta de Auto&#8221; color=&#8221;primary&#8221; size=&#8221;sm&#8221; align=&#8221;center&#8221; button_block=&#8221;true&#8221; link=&#8221;url:%23rent|||&#8221;][\/vc_column_inner][vc_column_inner width=&#8221;1\/6&#8243;][vc_btn title=&#8221;Costa Rica&#8221; color=&#8221;primary&#8221; size=&#8221;sm&#8221; align=&#8221;center&#8221; button_block=&#8221;true&#8221; link=&#8221;url:%23aboutcr|||&#8221;][\/vc_column_inner][vc_column_inner width=&#8221;1\/6&#8243;][vc_btn title=&#8221;Cont\u00e1ctenos&#8221; color=&#8221;primary&#8221; size=&#8221;sm&#8221; align=&#8221;center&#8221; button_block=&#8221;true&#8221; link=&#8221;url:%23contact|||&#8221;][\/vc_column_inner][vc_column_inner width=&#8221;1\/6&#8243;][vc_btn title=&#8221;English&#8221; color=&#8221;primary&#8221; [&hellip;]<\/p>\n","protected":false},"author":1,"featured_media":0,"parent":0,"menu_order":0,"comment_status":"closed","ping_status":"closed","template":"..\/public\/views\/revslider-page-template.php","meta":{"footnotes":""},"class_list":["post-4067","page","type-page","status-publish","hentry"],"yoast_head":"<!-- This site is optimized with the Yoast SEO plugin v25.1 - https:\/\/yoast.com\/wordpress\/plugins\/seo\/ -->\n<title>UCI Gran Fondo Costa Rica 2019 - Costa Rica Top Tours<\/title>\n<meta name=\"robots\" content=\"index, follow, max-snippet:-1, max-image-preview:large, max-video-preview:-1\" \/>\n<link rel=\"canonical\" href=\"https:\/\/costaricatoptours.com\/uci-gran-fondo-costa-rica-2019\/\" \/>\n<meta property=\"og:locale\" content=\"en_US\" \/>\n<meta property=\"og:type\" content=\"article\" \/>\n<meta property=\"og:title\" content=\"UCI Gran Fondo Costa Rica 2019 - Costa Rica Top Tours\" \/>\n<meta property=\"og:description\" content=\"[vc_row css=&#8221;.vc_custom_1558352611203{background-image: url(https:\/\/costaricatoptours.com\/wp-content\/uploads\/2019\/05\/back-test-4.jpg?id=3999) !important;}&#8221;][vc_column width=&#8221;1\/6&#8243;][vc_empty_space][\/vc_column][vc_column width=&#8221;2\/3&#8243;][vc_empty_space height=&#8221;10px&#8221;][vc_single_image image=&#8221;10207&#8243; img_size=&#8221;600&#215;255&#8243; alignment=&#8221;center&#8221;][vc_empty_space height=&#8221;10px&#8221;][vc_row_inner][vc_column_inner width=&#8221;1\/6&#8243;][vc_btn title=&#8221;Hoteles&#8221; color=&#8221;primary&#8221; size=&#8221;sm&#8221; align=&#8221;center&#8221; button_block=&#8221;true&#8221; link=&#8221;url:%23accommodations|||&#8221;][\/vc_column_inner][vc_column_inner width=&#8221;1\/6&#8243;][vc_btn title=&#8221;Pre &amp; Post Tours&#8221; color=&#8221;primary&#8221; size=&#8221;sm&#8221; align=&#8221;center&#8221; button_block=&#8221;true&#8221; link=&#8221;url:%23tours|||&#8221;][\/vc_column_inner][vc_column_inner width=&#8221;1\/6&#8243;][vc_btn title=&#8221;Renta de Auto&#8221; color=&#8221;primary&#8221; size=&#8221;sm&#8221; align=&#8221;center&#8221; button_block=&#8221;true&#8221; link=&#8221;url:%23rent|||&#8221;][\/vc_column_inner][vc_column_inner width=&#8221;1\/6&#8243;][vc_btn title=&#8221;Costa Rica&#8221; color=&#8221;primary&#8221; size=&#8221;sm&#8221; align=&#8221;center&#8221; button_block=&#8221;true&#8221; link=&#8221;url:%23aboutcr|||&#8221;][\/vc_column_inner][vc_column_inner width=&#8221;1\/6&#8243;][vc_btn title=&#8221;Cont\u00e1ctenos&#8221; color=&#8221;primary&#8221; size=&#8221;sm&#8221; align=&#8221;center&#8221; button_block=&#8221;true&#8221; link=&#8221;url:%23contact|||&#8221;][\/vc_column_inner][vc_column_inner width=&#8221;1\/6&#8243;][vc_btn title=&#8221;English&#8221; color=&#8221;primary&#8221; [&hellip;]\" \/>\n<meta property=\"og:url\" content=\"https:\/\/costaricatoptours.com\/uci-gran-fondo-costa-rica-2019\/\" \/>\n<meta property=\"og:site_name\" content=\"Costa Rica Top Tours\" \/>\n<meta property=\"article:publisher\" content=\"https:\/\/www.facebook.com\/costaricatoptours\/\" \/>\n<meta property=\"article:modified_time\" content=\"2019-08-14T10:51:21+00:00\" \/>\n<meta name=\"twitter:card\" content=\"summary_large_image\" \/>\n<meta name=\"twitter:label1\" content=\"Est. reading time\" \/>\n\t<meta name=\"twitter:data1\" content=\"6 minutes\" \/>\n<script type=\"application\/ld+json\" class=\"yoast-schema-graph\">{\"@context\":\"https:\/\/schema.org\",\"@graph\":[{\"@type\":\"WebPage\",\"@id\":\"https:\/\/costaricatoptours.com\/uci-gran-fondo-costa-rica-2019\/\",\"url\":\"https:\/\/costaricatoptours.com\/uci-gran-fondo-costa-rica-2019\/\",\"name\":\"UCI Gran Fondo Costa Rica 2019 - Costa Rica Top Tours\",\"isPartOf\":{\"@id\":\"https:\/\/costaricatoptours.com\/#website\"},\"datePublished\":\"2019-05-27T07:50:46+00:00\",\"dateModified\":\"2019-08-14T10:51:21+00:00\",\"breadcrumb\":{\"@id\":\"https:\/\/costaricatoptours.com\/uci-gran-fondo-costa-rica-2019\/#breadcrumb\"},\"inLanguage\":\"en-US\",\"potentialAction\":[{\"@type\":\"ReadAction\",\"target\":[\"https:\/\/costaricatoptours.com\/uci-gran-fondo-costa-rica-2019\/\"]}]},{\"@type\":\"BreadcrumbList\",\"@id\":\"https:\/\/costaricatoptours.com\/uci-gran-fondo-costa-rica-2019\/#breadcrumb\",\"itemListElement\":[{\"@type\":\"ListItem\",\"position\":1,\"name\":\"Home\",\"item\":\"https:\/\/costaricatoptours.com\/\"},{\"@type\":\"ListItem\",\"position\":2,\"name\":\"UCI Gran Fondo Costa Rica 2019\"}]},{\"@type\":\"WebSite\",\"@id\":\"https:\/\/costaricatoptours.com\/#website\",\"url\":\"https:\/\/costaricatoptours.com\/\",\"name\":\"Costa Rica Top Tours\",\"description\":\"Costa Rica&#039;s best tour destination manager\",\"publisher\":{\"@id\":\"https:\/\/costaricatoptours.com\/#organization\"},\"potentialAction\":[{\"@type\":\"SearchAction\",\"target\":{\"@type\":\"EntryPoint\",\"urlTemplate\":\"https:\/\/costaricatoptours.com\/?s={search_term_string}\"},\"query-input\":{\"@type\":\"PropertyValueSpecification\",\"valueRequired\":true,\"valueName\":\"search_term_string\"}}],\"inLanguage\":\"en-US\"},{\"@type\":\"Organization\",\"@id\":\"https:\/\/costaricatoptours.com\/#organization\",\"name\":\"Costa Rica Top Tours\",\"url\":\"https:\/\/costaricatoptours.com\/\",\"logo\":{\"@type\":\"ImageObject\",\"inLanguage\":\"en-US\",\"@id\":\"https:\/\/costaricatoptours.com\/#\/schema\/logo\/image\/\",\"url\":\"https:\/\/costaricatoptours.com\/wp-content\/uploads\/2019\/02\/topr-tours-favicon-logo.jpg\",\"contentUrl\":\"https:\/\/costaricatoptours.com\/wp-content\/uploads\/2019\/02\/topr-tours-favicon-logo.jpg\",\"width\":520,\"height\":520,\"caption\":\"Costa Rica Top Tours\"},\"image\":{\"@id\":\"https:\/\/costaricatoptours.com\/#\/schema\/logo\/image\/\"},\"sameAs\":[\"https:\/\/www.facebook.com\/costaricatoptours\/\"]}]}<\/script>\n<!-- \/ Yoast SEO plugin. -->","yoast_head_json":{"title":"UCI Gran Fondo Costa Rica 2019 - Costa Rica Top Tours","robots":{"index":"index","follow":"follow","max-snippet":"max-snippet:-1","max-image-preview":"max-image-preview:large","max-video-preview":"max-video-preview:-1"},"canonical":"https:\/\/costaricatoptours.com\/uci-gran-fondo-costa-rica-2019\/","og_locale":"en_US","og_type":"article","og_title":"UCI Gran Fondo Costa Rica 2019 - Costa Rica Top Tours","og_description":"[vc_row css=&#8221;.vc_custom_1558352611203{background-image: url(https:\/\/costaricatoptours.com\/wp-content\/uploads\/2019\/05\/back-test-4.jpg?id=3999) !important;}&#8221;][vc_column width=&#8221;1\/6&#8243;][vc_empty_space][\/vc_column][vc_column width=&#8221;2\/3&#8243;][vc_empty_space height=&#8221;10px&#8221;][vc_single_image image=&#8221;10207&#8243; img_size=&#8221;600&#215;255&#8243; alignment=&#8221;center&#8221;][vc_empty_space height=&#8221;10px&#8221;][vc_row_inner][vc_column_inner width=&#8221;1\/6&#8243;][vc_btn title=&#8221;Hoteles&#8221; color=&#8221;primary&#8221; size=&#8221;sm&#8221; align=&#8221;center&#8221; button_block=&#8221;true&#8221; link=&#8221;url:%23accommodations|||&#8221;][\/vc_column_inner][vc_column_inner width=&#8221;1\/6&#8243;][vc_btn title=&#8221;Pre &amp; Post Tours&#8221; color=&#8221;primary&#8221; size=&#8221;sm&#8221; align=&#8221;center&#8221; button_block=&#8221;true&#8221; link=&#8221;url:%23tours|||&#8221;][\/vc_column_inner][vc_column_inner width=&#8221;1\/6&#8243;][vc_btn title=&#8221;Renta de Auto&#8221; color=&#8221;primary&#8221; size=&#8221;sm&#8221; align=&#8221;center&#8221; button_block=&#8221;true&#8221; link=&#8221;url:%23rent|||&#8221;][\/vc_column_inner][vc_column_inner width=&#8221;1\/6&#8243;][vc_btn title=&#8221;Costa Rica&#8221; color=&#8221;primary&#8221; size=&#8221;sm&#8221; align=&#8221;center&#8221; button_block=&#8221;true&#8221; link=&#8221;url:%23aboutcr|||&#8221;][\/vc_column_inner][vc_column_inner width=&#8221;1\/6&#8243;][vc_btn title=&#8221;Cont\u00e1ctenos&#8221; color=&#8221;primary&#8221; size=&#8221;sm&#8221; align=&#8221;center&#8221; button_block=&#8221;true&#8221; link=&#8221;url:%23contact|||&#8221;][\/vc_column_inner][vc_column_inner width=&#8221;1\/6&#8243;][vc_btn title=&#8221;English&#8221; color=&#8221;primary&#8221; [&hellip;]","og_url":"https:\/\/costaricatoptours.com\/uci-gran-fondo-costa-rica-2019\/","og_site_name":"Costa Rica Top Tours","article_publisher":"https:\/\/www.facebook.com\/costaricatoptours\/","article_modified_time":"2019-08-14T10:51:21+00:00","twitter_card":"summary_large_image","twitter_misc":{"Est. reading time":"6 minutes"},"schema":{"@context":"https:\/\/schema.org","@graph":[{"@type":"WebPage","@id":"https:\/\/costaricatoptours.com\/uci-gran-fondo-costa-rica-2019\/","url":"https:\/\/costaricatoptours.com\/uci-gran-fondo-costa-rica-2019\/","name":"UCI Gran Fondo Costa Rica 2019 - Costa Rica Top Tours","isPartOf":{"@id":"https:\/\/costaricatoptours.com\/#website"},"datePublished":"2019-05-27T07:50:46+00:00","dateModified":"2019-08-14T10:51:21+00:00","breadcrumb":{"@id":"https:\/\/costaricatoptours.com\/uci-gran-fondo-costa-rica-2019\/#breadcrumb"},"inLanguage":"en-US","potentialAction":[{"@type":"ReadAction","target":["https:\/\/costaricatoptours.com\/uci-gran-fondo-costa-rica-2019\/"]}]},{"@type":"BreadcrumbList","@id":"https:\/\/costaricatoptours.com\/uci-gran-fondo-costa-rica-2019\/#breadcrumb","itemListElement":[{"@type":"ListItem","position":1,"name":"Home","item":"https:\/\/costaricatoptours.com\/"},{"@type":"ListItem","position":2,"name":"UCI Gran Fondo Costa Rica 2019"}]},{"@type":"WebSite","@id":"https:\/\/costaricatoptours.com\/#website","url":"https:\/\/costaricatoptours.com\/","name":"Costa Rica Top Tours","description":"Costa Rica&#039;s best tour destination manager","publisher":{"@id":"https:\/\/costaricatoptours.com\/#organization"},"potentialAction":[{"@type":"SearchAction","target":{"@type":"EntryPoint","urlTemplate":"https:\/\/costaricatoptours.com\/?s={search_term_string}"},"query-input":{"@type":"PropertyValueSpecification","valueRequired":true,"valueName":"search_term_string"}}],"inLanguage":"en-US"},{"@type":"Organization","@id":"https:\/\/costaricatoptours.com\/#organization","name":"Costa Rica Top Tours","url":"https:\/\/costaricatoptours.com\/","logo":{"@type":"ImageObject","inLanguage":"en-US","@id":"https:\/\/costaricatoptours.com\/#\/schema\/logo\/image\/","url":"https:\/\/costaricatoptours.com\/wp-content\/uploads\/2019\/02\/topr-tours-favicon-logo.jpg","contentUrl":"https:\/\/costaricatoptours.com\/wp-content\/uploads\/2019\/02\/topr-tours-favicon-logo.jpg","width":520,"height":520,"caption":"Costa Rica Top Tours"},"image":{"@id":"https:\/\/costaricatoptours.com\/#\/schema\/logo\/image\/"},"sameAs":["https:\/\/www.facebook.com\/costaricatoptours\/"]}]}},"_links":{"self":[{"href":"https:\/\/costaricatoptours.com\/wp-json\/wp\/v2\/pages\/4067","targetHints":{"allow":["GET"]}}],"collection":[{"href":"https:\/\/costaricatoptours.com\/wp-json\/wp\/v2\/pages"}],"about":[{"href":"https:\/\/costaricatoptours.com\/wp-json\/wp\/v2\/types\/page"}],"author":[{"embeddable":true,"href":"https:\/\/costaricatoptours.com\/wp-json\/wp\/v2\/users\/1"}],"replies":[{"embeddable":true,"href":"https:\/\/costaricatoptours.com\/wp-json\/wp\/v2\/comments?post=4067"}],"version-history":[{"count":26,"href":"https:\/\/costaricatoptours.com\/wp-json\/wp\/v2\/pages\/4067\/revisions"}],"predecessor-version":[{"id":11575,"href":"https:\/\/costaricatoptours.com\/wp-json\/wp\/v2\/pages\/4067\/revisions\/11575"}],"wp:attachment":[{"href":"https:\/\/costaricatoptours.com\/wp-json\/wp\/v2\/media?parent=4067"}],"curies":[{"name":"wp","href":"https:\/\/api.w.org\/{rel}","templated":true}]}}